{"id":10290,"date":"2020-12-09T10:08:43","date_gmt":"2020-12-09T15:08:43","guid":{"rendered":"https:\/\/blog.canadamotorjobs.com\/?page_id=10290"},"modified":"2023-08-07T11:57:40","modified_gmt":"2023-08-07T15:57:40","slug":"blog","status":"publish","type":"page","link":"https:\/\/news-dev.canadamotorjobs.com\/fr\/","title":{"rendered":"BLOG"},"content":{"rendered":"\n<style type=\"text\/css\" data-created_by=\"avia_inline_auto\" id=\"style-css-av-4d4gqp-17b98f757ebfe4aef322ecc5ea41deb2\">\n.flex_column.av-4d4gqp-17b98f757ebfe4aef322ecc5ea41deb2{\nborder-radius:0px 0px 0px 0px;\npadding:0px 0px 0px 0px;\n}\n<\/style>\n<div  class='flex_column av-4d4gqp-17b98f757ebfe4aef322ecc5ea41deb2 av_one_full  avia-builder-el-0  avia-builder-el-no-sibling  first flex_column_div av-zero-column-padding  '     ><p>\n<style type=\"text\/css\" data-created_by=\"avia_inline_auto\" id=\"style-css-av-l9h3o0a0-7f5e5ff82183843d6690e317b4afe638\">\n#top .av-special-heading.av-l9h3o0a0-7f5e5ff82183843d6690e317b4afe638{\npadding-bottom:10px;\ncolor:#8b8a8b;\nfont-size:14px;\n}\nbody .av-special-heading.av-l9h3o0a0-7f5e5ff82183843d6690e317b4afe638 .av-special-heading-tag .heading-char{\nfont-size:25px;\n}\n#top #wrap_all .av-special-heading.av-l9h3o0a0-7f5e5ff82183843d6690e317b4afe638 .av-special-heading-tag{\nfont-size:14px;\n}\n.av-special-heading.av-l9h3o0a0-7f5e5ff82183843d6690e317b4afe638 .special-heading-inner-border{\nborder-color:#8b8a8b;\n}\n.av-special-heading.av-l9h3o0a0-7f5e5ff82183843d6690e317b4afe638 .av-subheading{\nfont-size:15px;\n}\n\n@media only screen and (min-width: 480px) and (max-width: 767px){ \n#top #wrap_all .av-special-heading.av-l9h3o0a0-7f5e5ff82183843d6690e317b4afe638 .av-special-heading-tag{\nfont-size:0.8em;\n}\n}\n\n@media only screen and (max-width: 479px){ \n#top #wrap_all .av-special-heading.av-l9h3o0a0-7f5e5ff82183843d6690e317b4afe638 .av-special-heading-tag{\nfont-size:0.8em;\n}\n}\n<\/style>\n<div  class='av-special-heading av-l9h3o0a0-7f5e5ff82183843d6690e317b4afe638 av-special-heading-h1 custom-color-heading blockquote modern-quote modern-centered  avia-builder-el-1  el_before_av_hr  avia-builder-el-first  av-inherit-size'><h1 class='av-special-heading-tag '  itemprop=\"headline\"  >Les nouvelles de l\u2019industrie automobile<\/h1><div class=\"special-heading-border\"><div class=\"special-heading-inner-border\"><\/div><\/div><\/div><br \/>\n\n<style type=\"text\/css\" data-created_by=\"avia_inline_auto\" id=\"style-css-av-l9h3gckb-83b730bf9b8e62f2ecce117393c22b5d\">\n#top .hr.hr-invisible.av-l9h3gckb-83b730bf9b8e62f2ecce117393c22b5d{\nheight:10px;\n}\n<\/style>\n<div  class='hr av-l9h3gckb-83b730bf9b8e62f2ecce117393c22b5d hr-invisible  avia-builder-el-2  el_after_av_heading  el_before_av_blog '><span class='hr-inner '><span class=\"hr-inner-style\"><\/span><\/span><\/div><br \/>\n<div  class='av-alb-blogposts template-blog  '  itemscope=\"itemscope\" itemtype=\"https:\/\/schema.org\/Blog\" ><article class=\"post-entry post-entry-type-standard post-entry-248512 post-loop-1 post-parity-odd single-big with-slider post-248512 post type-post status-publish format-standard has-post-thumbnail hentry category-annuel-automobile\"  itemscope=\"itemscope\" itemtype=\"https:\/\/schema.org\/BlogPosting\" ><div class=\"blog-meta\"><\/div><div class='entry-content-wrapper clearfix standard-content'><header class=\"entry-content-header\" aria-label=\"Post: Ottawa prolonge la suspension de la taxe d\u2019accise sur l\u2019essence\"><div class=\"av-heading-wrapper\"><h2 class='post-title entry-title '  itemprop=\"headline\" ><a href=\"https:\/\/news-dev.canadamotorjobs.com\/fr\/ottawa-prolonge-la-suspension-de-la-taxe-daccise-sur-lessence\/\" rel=\"bookmark\" title=\"Permanent Link: Ottawa prolonge la suspension de la taxe d\u2019accise sur l\u2019essence\">Ottawa prolonge la suspension de la taxe d\u2019accise sur l\u2019essence<span class=\"post-format-icon minor-meta\"><\/span><\/a><\/h2><span class=\"blog-categories minor-meta\"><a href=\"https:\/\/news-dev.canadamotorjobs.com\/fr\/category\/annuel-automobile\/\" rel=\"tag\">Annuel automobile<\/a><\/span><\/div><\/header><span class=\"av-vertical-delimiter\"><\/span><div class=\"big-preview single-big\"  itemprop=\"image\" itemscope=\"itemscope\" itemtype=\"https:\/\/schema.org\/ImageObject\" ><a href=\"https:\/\/news-dev.canadamotorjobs.com\/fr\/ottawa-prolonge-la-suspension-de-la-taxe-daccise-sur-lessence\/\"  title=\"station-service-chute-des-prix-a-la-pompe-prix-a-la-pompe-essence-132914846129445962.jpeg\" ><img decoding=\"async\" loading=\"lazy\" width=\"845\" height=\"321\" src=\"https:\/\/news-dev.canadamotorjobs.com\/wp-content\/uploads\/2026\/04\/station-service-chute-des-prix-a-la-pompe-prix-a-la-pompe-essence-132914846129445962-3-845x321.jpeg\" class=\"wp-image-240043 avia-img-lazy-loading-240043 attachment-entry_with_sidebar size-entry_with_sidebar wp-post-image\" alt=\"\" \/><\/a><\/div><div class=\"entry-content\"  itemprop=\"text\" ><p>Les automobilistes canadiens peuvent souffler un peu. La hausse de 10 cents le litre qui devait s\u2019ajouter au prix de l\u2019essence \u00e0 compter du 8 septembre n\u2019aura finalement pas lieu. Le ministre des Finances, Fran\u00e7ois-Philippe Champagne, a annonc\u00e9 mercredi que la suspension de la taxe d\u2019accise f\u00e9d\u00e9rale sur l\u2019essence et le diesel sera prolong\u00e9e jusqu\u2019au [&hellip;]<\/p>\n<div class=\"read-more-link\"><a href=\"https:\/\/news-dev.canadamotorjobs.com\/fr\/ottawa-prolonge-la-suspension-de-la-taxe-daccise-sur-lessence\/\" class=\"more-link\">Lire la suite<span class='more-link-arrow avia-svg-icon avia-font-svg_entypo-fontello' data-av_svg_icon='right-open-big' data-av_iconset='svg_entypo-fontello'><svg version=\"1.1\" xmlns=\"http:\/\/www.w3.org\/2000\/svg\" width=\"15\" height=\"32\" viewBox=\"0 0 15 32\" preserveAspectRatio=\"xMidYMid meet\" role=\"graphics-symbol\" aria-hidden=\"true\">\n<path d=\"M0.416 27.84l11.456-11.84-11.456-11.904q-0.832-0.832 0-1.536 0.832-0.832 1.536 0l12.544 12.608q0.768 0.832 0 1.6l-12.544 12.608q-0.704 0.832-1.536 0-0.832-0.704 0-1.536z\"><\/path>\n<\/svg><\/span><\/a><\/div>\n<\/div><span class=\"post-meta-infos\"><time class=\"date-container minor-meta updated\"  itemprop=\"datePublished\" datetime=\"2026-09-03T07:43:11-04:00\" >3 septembre 2026<\/time><span class=\"text-sep\">\/<\/span><span class=\"blog-author minor-meta\">par <span class=\"entry-author-link\"  itemprop=\"author\" ><span class=\"author\"><span class=\"fn\"><a href=\"https:\/\/news-dev.canadamotorjobs.com\/fr\/author\/benoit-charette\/\" title=\"Articles par Benoit Charette\" rel=\"author\">Benoit Charette<\/a><\/span><\/span><\/span><\/span><\/span><footer class=\"entry-footer\"><\/footer><div class='post_delimiter'><\/div><\/div><div class=\"post_author_timeline\"><\/div><span class='hidden'>\n\t\t\t\t<span class='av-structured-data'  itemprop=\"image\" itemscope=\"itemscope\" itemtype=\"https:\/\/schema.org\/ImageObject\" >\n\t\t\t\t\t\t<span itemprop='url'>https:\/\/news-dev.canadamotorjobs.com\/wp-content\/uploads\/2026\/04\/station-service-chute-des-prix-a-la-pompe-prix-a-la-pompe-essence-132914846129445962-3.jpeg<\/span>\n\t\t\t\t\t\t<span itemprop='height'>899<\/span>\n\t\t\t\t\t\t<span itemprop='width'>1600<\/span>\n\t\t\t\t<\/span>\n\t\t\t\t<span class='av-structured-data'  itemprop=\"publisher\" itemtype=\"https:\/\/schema.org\/Organization\" itemscope=\"itemscope\" >\n\t\t\t\t\t\t<span itemprop='name'>Benoit Charette<\/span>\n\t\t\t\t\t\t<span itemprop='logo' itemscope itemtype='https:\/\/schema.org\/ImageObject'>\n\t\t\t\t\t\t\t<span itemprop='url'>https:\/\/news.canadamotorjobs.com\/wp-content\/uploads\/2021\/06\/logo-canada-motor-jobs-white-1.png<\/span>\n\t\t\t\t\t\t<\/span>\n\t\t\t\t<\/span><span class='av-structured-data'  itemprop=\"author\" itemscope=\"itemscope\" itemtype=\"https:\/\/schema.org\/Person\" ><span itemprop='name'>Benoit Charette<\/span><\/span><span class='av-structured-data'  itemprop=\"datePublished\" datetime=\"2026-09-03T07:43:11-04:00\" >2026-09-03 07:43:11<\/span><span class='av-structured-data'  itemprop=\"dateModified\" itemtype=\"https:\/\/schema.org\/dateModified\" >2026-09-03 10:37:10<\/span><span class='av-structured-data'  itemprop=\"mainEntityOfPage\" itemtype=\"https:\/\/schema.org\/mainEntityOfPage\" ><span itemprop='name'>Ottawa prolonge la suspension de la taxe d\u2019accise sur l\u2019essence<\/span><\/span><\/span><\/article><article class=\"post-entry post-entry-type-standard post-entry-248520 post-loop-2 post-parity-even single-big with-slider post-248520 post type-post status-publish format-standard has-post-thumbnail hentry category-annuel-automobile\"  itemscope=\"itemscope\" itemtype=\"https:\/\/schema.org\/BlogPosting\" ><div class=\"blog-meta\"><\/div><div class='entry-content-wrapper clearfix standard-content'><header class=\"entry-content-header\" aria-label=\"Post: Quels sont les V\u00c9 qui vieillissent le mieux.\"><div class=\"av-heading-wrapper\"><h2 class='post-title entry-title '  itemprop=\"headline\" ><a href=\"https:\/\/news-dev.canadamotorjobs.com\/fr\/quels-sont-les-ve-qui-vieillissent-le-mieux\/\" rel=\"bookmark\" title=\"Permanent Link: Quels sont les V\u00c9 qui vieillissent le mieux.\">Quels sont les V\u00c9 qui vieillissent le mieux.<span class=\"post-format-icon minor-meta\"><\/span><\/a><\/h2><span class=\"blog-categories minor-meta\"><a href=\"https:\/\/news-dev.canadamotorjobs.com\/fr\/category\/annuel-automobile\/\" rel=\"tag\">Annuel automobile<\/a><\/span><\/div><\/header><span class=\"av-vertical-delimiter\"><\/span><div class=\"big-preview single-big\"  itemprop=\"image\" itemscope=\"itemscope\" itemtype=\"https:\/\/schema.org\/ImageObject\" ><a href=\"https:\/\/news-dev.canadamotorjobs.com\/fr\/quels-sont-les-ve-qui-vieillissent-le-mieux\/\"  title=\"hyundai-ioniq-5-n-2025-hyundai-trois-rivieres-16-scaled-1.jpg\" ><img decoding=\"async\" loading=\"lazy\" width=\"845\" height=\"321\" src=\"https:\/\/news-dev.canadamotorjobs.com\/wp-content\/uploads\/2026\/09\/hyundai-ioniq-5-n-2025-hyundai-trois-rivieres-16-scaled-1-845x321.jpg\" class=\"wp-image-248523 avia-img-lazy-loading-248523 attachment-entry_with_sidebar size-entry_with_sidebar wp-post-image\" alt=\"\" \/><\/a><\/div><div class=\"entry-content\"  itemprop=\"text\" ><p>L\u2019achat d\u2019un v\u00e9hicule \u00e9lectrique usag\u00e9 soul\u00e8ve encore une grande question : dans quel \u00e9tat sera la batterie apr\u00e8s plusieurs ann\u00e9es et des dizaines de milliers de kilom\u00e8tres? Une vaste \u00e9tude r\u00e9alis\u00e9e aux \u00c9tats-Unis par Aviloo, une entreprise sp\u00e9cialis\u00e9e dans le diagnostic des batteries de v\u00e9hicules \u00e9lectriques, apporte des \u00e9l\u00e9ments de r\u00e9ponse plut\u00f4t rassurants. L\u2019entreprise a [&hellip;]<\/p>\n<div class=\"read-more-link\"><a href=\"https:\/\/news-dev.canadamotorjobs.com\/fr\/quels-sont-les-ve-qui-vieillissent-le-mieux\/\" class=\"more-link\">Lire la suite<span class='more-link-arrow avia-svg-icon avia-font-svg_entypo-fontello' data-av_svg_icon='right-open-big' data-av_iconset='svg_entypo-fontello'><svg version=\"1.1\" xmlns=\"http:\/\/www.w3.org\/2000\/svg\" width=\"15\" height=\"32\" viewBox=\"0 0 15 32\" preserveAspectRatio=\"xMidYMid meet\" role=\"graphics-symbol\" aria-hidden=\"true\">\n<path d=\"M0.416 27.84l11.456-11.84-11.456-11.904q-0.832-0.832 0-1.536 0.832-0.832 1.536 0l12.544 12.608q0.768 0.832 0 1.6l-12.544 12.608q-0.704 0.832-1.536 0-0.832-0.704 0-1.536z\"><\/path>\n<\/svg><\/span><\/a><\/div>\n<\/div><span class=\"post-meta-infos\"><time class=\"date-container minor-meta updated\"  itemprop=\"datePublished\" datetime=\"2026-09-03T07:21:25-04:00\" >3 septembre 2026<\/time><span class=\"text-sep\">\/<\/span><span class=\"blog-author minor-meta\">par <span class=\"entry-author-link\"  itemprop=\"author\" ><span class=\"author\"><span class=\"fn\"><a href=\"https:\/\/news-dev.canadamotorjobs.com\/fr\/author\/benoit-charette\/\" title=\"Articles par Benoit Charette\" rel=\"author\">Benoit Charette<\/a><\/span><\/span><\/span><\/span><\/span><footer class=\"entry-footer\"><\/footer><div class='post_delimiter'><\/div><\/div><div class=\"post_author_timeline\"><\/div><span class='hidden'>\n\t\t\t\t<span class='av-structured-data'  itemprop=\"image\" itemscope=\"itemscope\" itemtype=\"https:\/\/schema.org\/ImageObject\" >\n\t\t\t\t\t\t<span itemprop='url'>https:\/\/news-dev.canadamotorjobs.com\/wp-content\/uploads\/2026\/09\/hyundai-ioniq-5-n-2025-hyundai-trois-rivieres-16-scaled-1.jpg<\/span>\n\t\t\t\t\t\t<span itemprop='height'>1366<\/span>\n\t\t\t\t\t\t<span itemprop='width'>2048<\/span>\n\t\t\t\t<\/span>\n\t\t\t\t<span class='av-structured-data'  itemprop=\"publisher\" itemtype=\"https:\/\/schema.org\/Organization\" itemscope=\"itemscope\" >\n\t\t\t\t\t\t<span itemprop='name'>Benoit Charette<\/span>\n\t\t\t\t\t\t<span itemprop='logo' itemscope itemtype='https:\/\/schema.org\/ImageObject'>\n\t\t\t\t\t\t\t<span itemprop='url'>https:\/\/news.canadamotorjobs.com\/wp-content\/uploads\/2021\/06\/logo-canada-motor-jobs-white-1.png<\/span>\n\t\t\t\t\t\t<\/span>\n\t\t\t\t<\/span><span class='av-structured-data'  itemprop=\"author\" itemscope=\"itemscope\" itemtype=\"https:\/\/schema.org\/Person\" ><span itemprop='name'>Benoit Charette<\/span><\/span><span class='av-structured-data'  itemprop=\"datePublished\" datetime=\"2026-09-03T07:21:25-04:00\" >2026-09-03 07:21:25<\/span><span class='av-structured-data'  itemprop=\"dateModified\" itemtype=\"https:\/\/schema.org\/dateModified\" >2026-09-03 10:37:20<\/span><span class='av-structured-data'  itemprop=\"mainEntityOfPage\" itemtype=\"https:\/\/schema.org\/mainEntityOfPage\" ><span itemprop='name'>Quels sont les V\u00c9 qui vieillissent le mieux.<\/span><\/span><\/span><\/article><article class=\"post-entry post-entry-type-standard post-entry-248537 post-loop-3 post-parity-odd single-big with-slider post-248537 post type-post status-publish format-standard has-post-thumbnail hentry category-annuel-automobile\"  itemscope=\"itemscope\" itemtype=\"https:\/\/schema.org\/BlogPosting\" ><div class=\"blog-meta\"><\/div><div class='entry-content-wrapper clearfix standard-content'><header class=\"entry-content-header\" aria-label=\"Post: Visite du mus\u00e9e Mini \u00e0 Oxford \u00e0 l\u2019occasion du 25e anniversaire du mod\u00e8le contemporain\"><div class=\"av-heading-wrapper\"><h2 class='post-title entry-title '  itemprop=\"headline\" ><a href=\"https:\/\/news-dev.canadamotorjobs.com\/fr\/visite-du-musee-mini-a-oxford-a-loccasion-du-25e-anniversaire-du-modele-contemporain\/\" rel=\"bookmark\" title=\"Permanent Link: Visite du mus\u00e9e Mini \u00e0 Oxford \u00e0 l\u2019occasion du 25e anniversaire du mod\u00e8le contemporain\">Visite du mus\u00e9e Mini \u00e0 Oxford \u00e0 l\u2019occasion du 25e anniversaire du mod\u00e8le contemporain<span class=\"post-format-icon minor-meta\"><\/span><\/a><\/h2><span class=\"blog-categories minor-meta\"><a href=\"https:\/\/news-dev.canadamotorjobs.com\/fr\/category\/annuel-automobile\/\" rel=\"tag\">Annuel automobile<\/a><\/span><\/div><\/header><span class=\"av-vertical-delimiter\"><\/span><div class=\"big-preview single-big\"  itemprop=\"image\" itemscope=\"itemscope\" itemtype=\"https:\/\/schema.org\/ImageObject\" ><a href=\"https:\/\/news-dev.canadamotorjobs.com\/fr\/visite-du-musee-mini-a-oxford-a-loccasion-du-25e-anniversaire-du-modele-contemporain\/\"  title=\"IMG_7438-2.jpg\" ><img decoding=\"async\" loading=\"lazy\" width=\"845\" height=\"321\" src=\"https:\/\/news-dev.canadamotorjobs.com\/wp-content\/uploads\/2026\/09\/IMG_7438-2-845x321.jpg\" class=\"wp-image-248541 avia-img-lazy-loading-248541 attachment-entry_with_sidebar size-entry_with_sidebar wp-post-image\" alt=\"\" \/><\/a><\/div><div class=\"entry-content\"  itemprop=\"text\" ><p>Arriv\u00e9e sur le march\u00e9 canadien en 2002, la Mini Cooper contemporaine et produite sous l\u2019\u00e8re de BMW c\u00e9l\u00e8bre pourtant cette ann\u00e9e son 25e anniversaire. La raison est fort simple, c\u2019est que son lancement commercial a eu lieu en 2001 sur la sc\u00e8ne internationale. \u00c0 l\u2019occasion du 25e anniversaire de la Mini Cooper, l\u2019\u00e9quipe \u00e9ditoriale de [&hellip;]<\/p>\n<div class=\"read-more-link\"><a href=\"https:\/\/news-dev.canadamotorjobs.com\/fr\/visite-du-musee-mini-a-oxford-a-loccasion-du-25e-anniversaire-du-modele-contemporain\/\" class=\"more-link\">Lire la suite<span class='more-link-arrow avia-svg-icon avia-font-svg_entypo-fontello' data-av_svg_icon='right-open-big' data-av_iconset='svg_entypo-fontello'><svg version=\"1.1\" xmlns=\"http:\/\/www.w3.org\/2000\/svg\" width=\"15\" height=\"32\" viewBox=\"0 0 15 32\" preserveAspectRatio=\"xMidYMid meet\" role=\"graphics-symbol\" aria-hidden=\"true\">\n<path d=\"M0.416 27.84l11.456-11.84-11.456-11.904q-0.832-0.832 0-1.536 0.832-0.832 1.536 0l12.544 12.608q0.768 0.832 0 1.6l-12.544 12.608q-0.704 0.832-1.536 0-0.832-0.704 0-1.536z\"><\/path>\n<\/svg><\/span><\/a><\/div>\n<\/div><span class=\"post-meta-infos\"><time class=\"date-container minor-meta updated\"  itemprop=\"datePublished\" datetime=\"2026-09-03T06:48:23-04:00\" >3 septembre 2026<\/time><span class=\"text-sep\">\/<\/span><span class=\"blog-author minor-meta\">par <span class=\"entry-author-link\"  itemprop=\"author\" ><span class=\"author\"><span class=\"fn\"><a href=\"https:\/\/news-dev.canadamotorjobs.com\/fr\/author\/benoit-charette\/\" title=\"Articles par Benoit Charette\" rel=\"author\">Benoit Charette<\/a><\/span><\/span><\/span><\/span><\/span><footer class=\"entry-footer\"><\/footer><div class='post_delimiter'><\/div><\/div><div class=\"post_author_timeline\"><\/div><span class='hidden'>\n\t\t\t\t<span class='av-structured-data'  itemprop=\"image\" itemscope=\"itemscope\" itemtype=\"https:\/\/schema.org\/ImageObject\" >\n\t\t\t\t\t\t<span itemprop='url'>https:\/\/news-dev.canadamotorjobs.com\/wp-content\/uploads\/2026\/09\/IMG_7438-2.jpg<\/span>\n\t\t\t\t\t\t<span itemprop='height'>800<\/span>\n\t\t\t\t\t\t<span itemprop='width'>1422<\/span>\n\t\t\t\t<\/span>\n\t\t\t\t<span class='av-structured-data'  itemprop=\"publisher\" itemtype=\"https:\/\/schema.org\/Organization\" itemscope=\"itemscope\" >\n\t\t\t\t\t\t<span itemprop='name'>Benoit Charette<\/span>\n\t\t\t\t\t\t<span itemprop='logo' itemscope itemtype='https:\/\/schema.org\/ImageObject'>\n\t\t\t\t\t\t\t<span itemprop='url'>https:\/\/news.canadamotorjobs.com\/wp-content\/uploads\/2021\/06\/logo-canada-motor-jobs-white-1.png<\/span>\n\t\t\t\t\t\t<\/span>\n\t\t\t\t<\/span><span class='av-structured-data'  itemprop=\"author\" itemscope=\"itemscope\" itemtype=\"https:\/\/schema.org\/Person\" ><span itemprop='name'>Benoit Charette<\/span><\/span><span class='av-structured-data'  itemprop=\"datePublished\" datetime=\"2026-09-03T06:48:23-04:00\" >2026-09-03 06:48:23<\/span><span class='av-structured-data'  itemprop=\"dateModified\" itemtype=\"https:\/\/schema.org\/dateModified\" >2026-09-03 10:37:26<\/span><span class='av-structured-data'  itemprop=\"mainEntityOfPage\" itemtype=\"https:\/\/schema.org\/mainEntityOfPage\" ><span itemprop='name'>Visite du mus\u00e9e Mini \u00e0 Oxford \u00e0 l\u2019occasion du 25e anniversaire du mod\u00e8le contemporain<\/span><\/span><\/span><\/article><article class=\"post-entry post-entry-type-standard post-entry-248550 post-loop-4 post-parity-even single-big with-slider post-248550 post type-post status-publish format-standard has-post-thumbnail hentry category-annuel-automobile\"  itemscope=\"itemscope\" itemtype=\"https:\/\/schema.org\/BlogPosting\" ><div class=\"blog-meta\"><\/div><div class='entry-content-wrapper clearfix standard-content'><header class=\"entry-content-header\" aria-label=\"Post: Lexus redessine le NX 2027\"><div class=\"av-heading-wrapper\"><h2 class='post-title entry-title '  itemprop=\"headline\" ><a href=\"https:\/\/news-dev.canadamotorjobs.com\/fr\/lexus-redessine-le-nx-2027\/\" rel=\"bookmark\" title=\"Permanent Link: Lexus redessine le NX 2027\">Lexus redessine le NX 2027<span class=\"post-format-icon minor-meta\"><\/span><\/a><\/h2><span class=\"blog-categories minor-meta\"><a href=\"https:\/\/news-dev.canadamotorjobs.com\/fr\/category\/annuel-automobile\/\" rel=\"tag\">Annuel automobile<\/a><\/span><\/div><\/header><span class=\"av-vertical-delimiter\"><\/span><div class=\"big-preview single-big\"  itemprop=\"image\" itemscope=\"itemscope\" itemtype=\"https:\/\/schema.org\/ImageObject\" ><a href=\"https:\/\/news-dev.canadamotorjobs.com\/fr\/lexus-redessine-le-nx-2027\/\"  title=\"2027_Lexus_NX350h_AWD_001.jpg\" ><img decoding=\"async\" loading=\"lazy\" width=\"845\" height=\"321\" src=\"https:\/\/news-dev.canadamotorjobs.com\/wp-content\/uploads\/2026\/09\/2027_Lexus_NX350h_AWD_001-845x321.jpg\" class=\"wp-image-248553 avia-img-lazy-loading-248553 attachment-entry_with_sidebar size-entry_with_sidebar wp-post-image\" alt=\"\" \/><\/a><\/div><div class=\"entry-content\"  itemprop=\"text\" ><p>Lexus poursuit son virage vers l\u2019\u00e9lectrification avec une refonte importante de son populaire VUS compact. Le Lexus NX 2027 abandonne d\u00e9sormais compl\u00e8tement la motorisation exclusivement \u00e0 essence et sera offert uniquement en version hybride ou hybride rechargeable. Le constructeur japonais profite \u00e9galement de cette mise \u00e0 jour pour revoir le style du NX, am\u00e9liorer son [&hellip;]<\/p>\n<div class=\"read-more-link\"><a href=\"https:\/\/news-dev.canadamotorjobs.com\/fr\/lexus-redessine-le-nx-2027\/\" class=\"more-link\">Lire la suite<span class='more-link-arrow avia-svg-icon avia-font-svg_entypo-fontello' data-av_svg_icon='right-open-big' data-av_iconset='svg_entypo-fontello'><svg version=\"1.1\" xmlns=\"http:\/\/www.w3.org\/2000\/svg\" width=\"15\" height=\"32\" viewBox=\"0 0 15 32\" preserveAspectRatio=\"xMidYMid meet\" role=\"graphics-symbol\" aria-hidden=\"true\">\n<path d=\"M0.416 27.84l11.456-11.84-11.456-11.904q-0.832-0.832 0-1.536 0.832-0.832 1.536 0l12.544 12.608q0.768 0.832 0 1.6l-12.544 12.608q-0.704 0.832-1.536 0-0.832-0.704 0-1.536z\"><\/path>\n<\/svg><\/span><\/a><\/div>\n<\/div><span class=\"post-meta-infos\"><time class=\"date-container minor-meta updated\"  itemprop=\"datePublished\" datetime=\"2026-09-02T07:57:02-04:00\" >2 septembre 2026<\/time><span class=\"text-sep\">\/<\/span><span class=\"blog-author minor-meta\">par <span class=\"entry-author-link\"  itemprop=\"author\" ><span class=\"author\"><span class=\"fn\"><a href=\"https:\/\/news-dev.canadamotorjobs.com\/fr\/author\/benoit-charette\/\" title=\"Articles par Benoit Charette\" rel=\"author\">Benoit Charette<\/a><\/span><\/span><\/span><\/span><\/span><footer class=\"entry-footer\"><\/footer><div class='post_delimiter'><\/div><\/div><div class=\"post_author_timeline\"><\/div><span class='hidden'>\n\t\t\t\t<span class='av-structured-data'  itemprop=\"image\" itemscope=\"itemscope\" itemtype=\"https:\/\/schema.org\/ImageObject\" >\n\t\t\t\t\t\t<span itemprop='url'>https:\/\/news-dev.canadamotorjobs.com\/wp-content\/uploads\/2026\/09\/2027_Lexus_NX350h_AWD_001.jpg<\/span>\n\t\t\t\t\t\t<span itemprop='height'>792<\/span>\n\t\t\t\t\t\t<span itemprop='width'>1200<\/span>\n\t\t\t\t<\/span>\n\t\t\t\t<span class='av-structured-data'  itemprop=\"publisher\" itemtype=\"https:\/\/schema.org\/Organization\" itemscope=\"itemscope\" >\n\t\t\t\t\t\t<span itemprop='name'>Benoit Charette<\/span>\n\t\t\t\t\t\t<span itemprop='logo' itemscope itemtype='https:\/\/schema.org\/ImageObject'>\n\t\t\t\t\t\t\t<span itemprop='url'>https:\/\/news.canadamotorjobs.com\/wp-content\/uploads\/2021\/06\/logo-canada-motor-jobs-white-1.png<\/span>\n\t\t\t\t\t\t<\/span>\n\t\t\t\t<\/span><span class='av-structured-data'  itemprop=\"author\" itemscope=\"itemscope\" itemtype=\"https:\/\/schema.org\/Person\" ><span itemprop='name'>Benoit Charette<\/span><\/span><span class='av-structured-data'  itemprop=\"datePublished\" datetime=\"2026-09-02T07:57:02-04:00\" >2026-09-02 07:57:02<\/span><span class='av-structured-data'  itemprop=\"dateModified\" itemtype=\"https:\/\/schema.org\/dateModified\" >2026-09-03 10:37:32<\/span><span class='av-structured-data'  itemprop=\"mainEntityOfPage\" itemtype=\"https:\/\/schema.org\/mainEntityOfPage\" ><span itemprop='name'>Lexus redessine le NX 2027<\/span><\/span><\/span><\/article><article class=\"post-entry post-entry-type-standard post-entry-248564 post-loop-5 post-parity-odd post-entry-last single-big with-slider post-248564 post type-post status-publish format-standard has-post-thumbnail hentry category-annuel-automobile\"  itemscope=\"itemscope\" itemtype=\"https:\/\/schema.org\/BlogPosting\" ><div class=\"blog-meta\"><\/div><div class='entry-content-wrapper clearfix standard-content'><header class=\"entry-content-header\" aria-label=\"Post: Le Range Rover EV 2027 promet 531 km d\u2019autonomie\"><div class=\"av-heading-wrapper\"><h2 class='post-title entry-title '  itemprop=\"headline\" ><a href=\"https:\/\/news-dev.canadamotorjobs.com\/fr\/le-range-rover-ev-2027-promet-531-km-dautonomie\/\" rel=\"bookmark\" title=\"Permanent Link: Le Range Rover EV 2027 promet 531 km d\u2019autonomie\">Le Range Rover EV 2027 promet 531 km d\u2019autonomie<span class=\"post-format-icon minor-meta\"><\/span><\/a><\/h2><span class=\"blog-categories minor-meta\"><a href=\"https:\/\/news-dev.canadamotorjobs.com\/fr\/category\/annuel-automobile\/\" rel=\"tag\">Annuel automobile<\/a><\/span><\/div><\/header><span class=\"av-vertical-delimiter\"><\/span><div class=\"big-preview single-big\"  itemprop=\"image\" itemscope=\"itemscope\" itemtype=\"https:\/\/schema.org\/ImageObject\" ><a href=\"https:\/\/news-dev.canadamotorjobs.com\/fr\/le-range-rover-ev-2027-promet-531-km-dautonomie\/\"  title=\"RANGE-ROVER-ELECTRIC.jpg\" ><img decoding=\"async\" loading=\"lazy\" width=\"845\" height=\"321\" src=\"https:\/\/news-dev.canadamotorjobs.com\/wp-content\/uploads\/2026\/09\/RANGE-ROVER-ELECTRIC-845x321.jpg\" class=\"wp-image-248567 avia-img-lazy-loading-248567 attachment-entry_with_sidebar size-entry_with_sidebar wp-post-image\" alt=\"\" \/><\/a><\/div><div class=\"entry-content\"  itemprop=\"text\" ><p>Le premier Range Rover enti\u00e8rement \u00e9lectrique arrivera sur le march\u00e9 avec une mission assez simple sur papier, mais beaucoup plus complexe dans la r\u00e9alit\u00e9 : \u00eatre, avant toute chose, un Range Rover. C\u2019est d\u2019ailleurs le message que Land Rover mart\u00e8le depuis le d\u00e9but du d\u00e9veloppement de ce nouveau mod\u00e8le. L\u2019objectif n\u2019\u00e9tait pas de transformer le [&hellip;]<\/p>\n<div class=\"read-more-link\"><a href=\"https:\/\/news-dev.canadamotorjobs.com\/fr\/le-range-rover-ev-2027-promet-531-km-dautonomie\/\" class=\"more-link\">Lire la suite<span class='more-link-arrow avia-svg-icon avia-font-svg_entypo-fontello' data-av_svg_icon='right-open-big' data-av_iconset='svg_entypo-fontello'><svg version=\"1.1\" xmlns=\"http:\/\/www.w3.org\/2000\/svg\" width=\"15\" height=\"32\" viewBox=\"0 0 15 32\" preserveAspectRatio=\"xMidYMid meet\" role=\"graphics-symbol\" aria-hidden=\"true\">\n<path d=\"M0.416 27.84l11.456-11.84-11.456-11.904q-0.832-0.832 0-1.536 0.832-0.832 1.536 0l12.544 12.608q0.768 0.832 0 1.6l-12.544 12.608q-0.704 0.832-1.536 0-0.832-0.704 0-1.536z\"><\/path>\n<\/svg><\/span><\/a><\/div>\n<\/div><span class=\"post-meta-infos\"><time class=\"date-container minor-meta updated\"  itemprop=\"datePublished\" datetime=\"2026-09-02T07:42:04-04:00\" >2 septembre 2026<\/time><span class=\"text-sep\">\/<\/span><span class=\"blog-author minor-meta\">par <span class=\"entry-author-link\"  itemprop=\"author\" ><span class=\"author\"><span class=\"fn\"><a href=\"https:\/\/news-dev.canadamotorjobs.com\/fr\/author\/benoit-charette\/\" title=\"Articles par Benoit Charette\" rel=\"author\">Benoit Charette<\/a><\/span><\/span><\/span><\/span><\/span><footer class=\"entry-footer\"><\/footer><div class='post_delimiter'><\/div><\/div><div class=\"post_author_timeline\"><\/div><span class='hidden'>\n\t\t\t\t<span class='av-structured-data'  itemprop=\"image\" itemscope=\"itemscope\" itemtype=\"https:\/\/schema.org\/ImageObject\" >\n\t\t\t\t\t\t<span itemprop='url'>https:\/\/news-dev.canadamotorjobs.com\/wp-content\/uploads\/2026\/09\/RANGE-ROVER-ELECTRIC.jpg<\/span>\n\t\t\t\t\t\t<span itemprop='height'>800<\/span>\n\t\t\t\t\t\t<span itemprop='width'>1200<\/span>\n\t\t\t\t<\/span>\n\t\t\t\t<span class='av-structured-data'  itemprop=\"publisher\" itemtype=\"https:\/\/schema.org\/Organization\" itemscope=\"itemscope\" >\n\t\t\t\t\t\t<span itemprop='name'>Benoit Charette<\/span>\n\t\t\t\t\t\t<span itemprop='logo' itemscope itemtype='https:\/\/schema.org\/ImageObject'>\n\t\t\t\t\t\t\t<span itemprop='url'>https:\/\/news.canadamotorjobs.com\/wp-content\/uploads\/2021\/06\/logo-canada-motor-jobs-white-1.png<\/span>\n\t\t\t\t\t\t<\/span>\n\t\t\t\t<\/span><span class='av-structured-data'  itemprop=\"author\" itemscope=\"itemscope\" itemtype=\"https:\/\/schema.org\/Person\" ><span itemprop='name'>Benoit Charette<\/span><\/span><span class='av-structured-data'  itemprop=\"datePublished\" datetime=\"2026-09-02T07:42:04-04:00\" >2026-09-02 07:42:04<\/span><span class='av-structured-data'  itemprop=\"dateModified\" itemtype=\"https:\/\/schema.org\/dateModified\" >2026-09-03 10:37:38<\/span><span class='av-structured-data'  itemprop=\"mainEntityOfPage\" itemtype=\"https:\/\/schema.org\/mainEntityOfPage\" ><span itemprop='name'>Le Range Rover EV 2027 promet 531 km d\u2019autonomie<\/span><\/span><\/span><\/article><div class='single-big'><nav class='pagination'><span class='pagination-meta'>Page 1 of 1316<\/span><span class='current'>1<\/span><a href='https:\/\/news-dev.canadamotorjobs.com\/fr\/wp-json\/wp\/v2\/pages\/10290\/page\/2\/' class='inactive next_page' >2<\/a><a href='https:\/\/news-dev.canadamotorjobs.com\/fr\/wp-json\/wp\/v2\/pages\/10290\/page\/3\/' class='inactive' >3<\/a><a href='https:\/\/news-dev.canadamotorjobs.com\/fr\/wp-json\/wp\/v2\/pages\/10290\/page\/2\/'>&rsaquo;<\/a><a href='https:\/\/news-dev.canadamotorjobs.com\/fr\/wp-json\/wp\/v2\/pages\/10290\/page\/1316\/'>&raquo;<\/a><\/nav>\n<\/div><\/div><br \/>\n<br \/>\n<div  class='av-social-sharing-box av-jzsv2mi8-8f28e1d9ea9ba802b27a5675ceec31fc av-social-sharing-box-default av-social-sharing-box-fullwidth'><div class=\"av-share-box\"><ul class=\"av-share-box-list noLightbox\"><li class='av-share-link av-social-link-facebook avia_social_iconfont' ><a target=\"_blank\" aria-label=\"Share on Facebook\" href='https:\/\/www.facebook.com\/sharer.php?u=https:\/\/news-dev.canadamotorjobs.com\/fr\/le-range-rover-ev-2027-promet-531-km-dautonomie\/&#038;t=Le%20Range%20Rover%20EV%202027%20promet%20531%20km%20d%E2%80%99autonomie' data-av_icon='\ue8f3' data-av_iconfont='entypo-fontello'  title='' data-avia-related-tooltip='Share on Facebook'><span class='avia_hidden_link_text'>Share on Facebook<\/span><\/a><\/li><li class='av-share-link av-social-link-twitter avia_social_iconfont' ><a target=\"_blank\" aria-label=\"Share on X\" href='https:\/\/twitter.com\/share?text=Le%20Range%20Rover%20EV%202027%20promet%20531%20km%20d%E2%80%99autonomie&#038;url=https:\/\/news-dev.canadamotorjobs.com\/fr\/?p=248564' data-av_icon='\ue932' data-av_iconfont='entypo-fontello'  title='' data-avia-related-tooltip='Share on X'><span class='avia_hidden_link_text'>Share on X<\/span><\/a><\/li><li class='av-share-link av-social-link-linkedin avia_social_iconfont' ><a target=\"_blank\" aria-label=\"Share on LinkedIn\" href='https:\/\/linkedin.com\/shareArticle?mini=true&#038;title=Le%20Range%20Rover%20EV%202027%20promet%20531%20km%20d%E2%80%99autonomie&#038;url=https:\/\/news-dev.canadamotorjobs.com\/fr\/le-range-rover-ev-2027-promet-531-km-dautonomie\/' data-av_icon='\ue8fc' data-av_iconfont='entypo-fontello'  title='' data-avia-related-tooltip='Share on LinkedIn'><span class='avia_hidden_link_text'>Share on LinkedIn<\/span><\/a><\/li><li class='av-share-link av-social-link-mail avia_social_iconfont' ><a  aria-label=\"Share by Mail\" href='mailto:?subject=Le%20Range%20Rover%20EV%202027%20promet%20531%20km%20d%E2%80%99autonomie&#038;body=https:\/\/news-dev.canadamotorjobs.com\/fr\/le-range-rover-ev-2027-promet-531-km-dautonomie\/' data-av_icon='\ue805' data-av_iconfont='entypo-fontello'  title='' data-avia-related-tooltip='Share by Mail'><span class='avia_hidden_link_text'>Share by Mail<\/span><\/a><\/li><\/ul><\/div><\/div><\/p><\/div>\n","protected":false},"excerpt":{"rendered":"","protected":false},"author":1,"featured_media":9804,"parent":0,"menu_order":0,"comment_status":"closed","ping_status":"closed","template":"","meta":{"_monsterinsights_skip_tracking":false,"footnotes":""},"class_list":["post-10290","page","type-page","status-publish","has-post-thumbnail","hentry"],"yoast_head":"<!-- This site is optimized with the Yoast SEO plugin v28.4 - https:\/\/yoast.com\/product\/yoast-seo-wordpress\/ -->\n<title>Nouvelles - Vid\u00e9os - Articles - Conseils RH - CanadaMotorJobs<\/title>\n<meta name=\"description\" content=\"Articles - Nouvelles - Vid\u00e9o - Conseils en Ressources Humain et plus pour l&#039;industrie automobile par Canada Motor Jobs et ses partenaires.\" \/>\n<meta name=\"robots\" content=\"index, follow, max-snippet:-1, max-image-preview:large, max-video-preview:-1\" \/>\n<link rel=\"canonical\" href=\"https:\/\/news-dev.canadamotorjobs.com\/fr\/\" \/>\n<meta property=\"og:locale\" content=\"fr_CA\" \/>\n<meta property=\"og:type\" content=\"article\" \/>\n<meta property=\"og:title\" content=\"Nouvelles - Vid\u00e9os - Articles - Conseils RH - CanadaMotorJobs\" \/>\n<meta property=\"og:description\" content=\"Articles - Nouvelles - Vid\u00e9o - Conseils en Ressources Humain et plus pour l&#039;industrie automobile par Canada Motor Jobs et ses partenaires.\" \/>\n<meta property=\"og:url\" content=\"https:\/\/news-dev.canadamotorjobs.com\/fr\/\" \/>\n<meta property=\"og:site_name\" content=\"CanadaMotorJobs.com\" \/>\n<meta property=\"article:publisher\" content=\"https:\/\/www.facebook.com\/canadamotorjobs\/\" \/>\n<meta property=\"article:modified_time\" content=\"2023-08-07T15:57:40+00:00\" \/>\n<meta property=\"og:image\" content=\"https:\/\/news-dev.canadamotorjobs.com\/wp-content\/uploads\/2020\/08\/fb-reseau-120000-professionnels.png\" \/>\n\t<meta property=\"og:image:width\" content=\"1200\" \/>\n\t<meta property=\"og:image:height\" content=\"628\" \/>\n\t<meta property=\"og:image:type\" content=\"image\/png\" \/>\n<meta name=\"twitter:card\" content=\"summary_large_image\" \/>\n<meta name=\"twitter:site\" content=\"@canadamotorjobs\" \/>\n<meta name=\"twitter:label1\" content=\"Estimation du temps de lecture\" \/>\n\t<meta name=\"twitter:data1\" content=\"1 minute\" \/>\n<!-- \/ Yoast SEO plugin. -->","yoast_head_json":{"title":"Nouvelles - Vid\u00e9os - Articles - Conseils RH - CanadaMotorJobs","description":"Articles - Nouvelles - Vid\u00e9o - Conseils en Ressources Humain et plus pour l'industrie automobile par Canada Motor Jobs et ses partenaires.","robots":{"index":"index","follow":"follow","max-snippet":"max-snippet:-1","max-image-preview":"max-image-preview:large","max-video-preview":"max-video-preview:-1"},"canonical":"https:\/\/news-dev.canadamotorjobs.com\/fr\/","og_locale":"fr_CA","og_type":"article","og_title":"Nouvelles - Vid\u00e9os - Articles - Conseils RH - CanadaMotorJobs","og_description":"Articles - Nouvelles - Vid\u00e9o - Conseils en Ressources Humain et plus pour l'industrie automobile par Canada Motor Jobs et ses partenaires.","og_url":"https:\/\/news-dev.canadamotorjobs.com\/fr\/","og_site_name":"CanadaMotorJobs.com","article_publisher":"https:\/\/www.facebook.com\/canadamotorjobs\/","article_modified_time":"2023-08-07T15:57:40+00:00","og_image":[{"width":1200,"height":628,"url":"https:\/\/news-dev.canadamotorjobs.com\/wp-content\/uploads\/2020\/08\/fb-reseau-120000-professionnels.png","type":"image\/png"}],"twitter_card":"summary_large_image","twitter_site":"@canadamotorjobs","twitter_misc":{"Estimation du temps de lecture":"1 minute"},"schema":{"@context":"https:\/\/schema.org","@graph":[{"@type":"WebPage","@id":"https:\/\/news-dev.canadamotorjobs.com\/fr\/","url":"https:\/\/news-dev.canadamotorjobs.com\/fr\/","name":"Nouvelles - Vid\u00e9os - Articles - Conseils RH - CanadaMotorJobs","isPartOf":{"@id":"https:\/\/news-dev.canadamotorjobs.com\/fr\/#website"},"primaryImageOfPage":{"@id":"https:\/\/news-dev.canadamotorjobs.com\/fr\/#primaryimage"},"image":{"@id":"https:\/\/news-dev.canadamotorjobs.com\/fr\/#primaryimage"},"thumbnailUrl":"https:\/\/news-dev.canadamotorjobs.com\/wp-content\/uploads\/2020\/08\/fb-reseau-120000-professionnels.png","datePublished":"2020-12-09T15:08:43+00:00","dateModified":"2023-08-07T15:57:40+00:00","description":"Articles - Nouvelles - Vid\u00e9o - Conseils en Ressources Humain et plus pour l'industrie automobile par Canada Motor Jobs et ses partenaires.","breadcrumb":{"@id":"https:\/\/news-dev.canadamotorjobs.com\/fr\/#breadcrumb"},"inLanguage":"fr-CA","potentialAction":[{"@type":"ReadAction","target":["https:\/\/news-dev.canadamotorjobs.com\/fr\/"]}]},{"@type":"ImageObject","inLanguage":"fr-CA","@id":"https:\/\/news-dev.canadamotorjobs.com\/fr\/#primaryimage","url":"https:\/\/news-dev.canadamotorjobs.com\/wp-content\/uploads\/2020\/08\/fb-reseau-120000-professionnels.png","contentUrl":"https:\/\/news-dev.canadamotorjobs.com\/wp-content\/uploads\/2020\/08\/fb-reseau-120000-professionnels.png","width":1200,"height":628},{"@type":"BreadcrumbList","@id":"https:\/\/news-dev.canadamotorjobs.com\/fr\/#breadcrumb","itemListElement":[{"@type":"ListItem","position":1,"name":"Home","item":"https:\/\/news-dev.canadamotorjobs.com\/fr\/"},{"@type":"ListItem","position":2,"name":"BLOG"}]},{"@type":"WebSite","@id":"https:\/\/news-dev.canadamotorjobs.com\/fr\/#website","url":"https:\/\/news-dev.canadamotorjobs.com\/fr\/","name":"CanadaMotorJobs.com","description":"Automotive Jobs","publisher":{"@id":"https:\/\/news-dev.canadamotorjobs.com\/fr\/#organization"},"potentialAction":[{"@type":"SearchAction","target":{"@type":"EntryPoint","urlTemplate":"https:\/\/news-dev.canadamotorjobs.com\/fr\/?s={search_term_string}"},"query-input":{"@type":"PropertyValueSpecification","valueRequired":true,"valueName":"search_term_string"}}],"inLanguage":"fr-CA"},{"@type":"Organization","@id":"https:\/\/news-dev.canadamotorjobs.com\/fr\/#organization","name":"Canada Motor Jobs","url":"https:\/\/news-dev.canadamotorjobs.com\/fr\/","logo":{"@type":"ImageObject","inLanguage":"fr-CA","@id":"https:\/\/news-dev.canadamotorjobs.com\/fr\/#\/schema\/logo\/image\/","url":"https:\/\/news.canadamotorjobs.com\/wp-content\/uploads\/2022\/10\/logo-canada-motor-jobs-1.png","contentUrl":"https:\/\/news.canadamotorjobs.com\/wp-content\/uploads\/2022\/10\/logo-canada-motor-jobs-1.png","width":800,"height":400,"caption":"Canada Motor Jobs"},"image":{"@id":"https:\/\/news-dev.canadamotorjobs.com\/fr\/#\/schema\/logo\/image\/"},"sameAs":["https:\/\/www.facebook.com\/canadamotorjobs\/","https:\/\/x.com\/canadamotorjobs","https:\/\/www.instagram.com\/canadamotorjobs\/","https:\/\/www.linkedin.com\/company\/canadamotorjobs"]}]}},"_links":{"self":[{"href":"https:\/\/news-dev.canadamotorjobs.com\/fr\/wp-json\/wp\/v2\/pages\/10290","targetHints":{"allow":["GET"]}}],"collection":[{"href":"https:\/\/news-dev.canadamotorjobs.com\/fr\/wp-json\/wp\/v2\/pages"}],"about":[{"href":"https:\/\/news-dev.canadamotorjobs.com\/fr\/wp-json\/wp\/v2\/types\/page"}],"author":[{"embeddable":true,"href":"https:\/\/news-dev.canadamotorjobs.com\/fr\/wp-json\/wp\/v2\/users\/1"}],"replies":[{"embeddable":true,"href":"https:\/\/news-dev.canadamotorjobs.com\/fr\/wp-json\/wp\/v2\/comments?post=10290"}],"version-history":[{"count":7,"href":"https:\/\/news-dev.canadamotorjobs.com\/fr\/wp-json\/wp\/v2\/pages\/10290\/revisions"}],"predecessor-version":[{"id":149427,"href":"https:\/\/news-dev.canadamotorjobs.com\/fr\/wp-json\/wp\/v2\/pages\/10290\/revisions\/149427"}],"wp:featuredmedia":[{"embeddable":true,"href":"https:\/\/news-dev.canadamotorjobs.com\/fr\/wp-json\/wp\/v2\/media\/9804"}],"wp:attachment":[{"href":"https:\/\/news-dev.canadamotorjobs.com\/fr\/wp-json\/wp\/v2\/media?parent=10290"}],"curies":[{"name":"wp","href":"https:\/\/api.w.org\/{rel}","templated":true}]}}