{"id":4745,"date":"2019-02-04T14:55:59","date_gmt":"2019-02-04T19:55:59","guid":{"rendered":"https:\/\/blog.canadamotorjobs.com\/?page_id=4745"},"modified":"2019-08-19T16:47:11","modified_gmt":"2019-08-19T20:47:11","slug":"nouvelles","status":"publish","type":"page","link":"https:\/\/news-dev.canadamotorjobs.com\/fr\/nouvelles\/","title":{"rendered":"Nouvelles"},"content":{"rendered":"<div  class='av-alb-blogposts template-blog  '  itemscope=\"itemscope\" itemtype=\"https:\/\/schema.org\/Blog\" ><article class=\"post-entry post-entry-type-standard post-entry-248512 post-loop-1 post-parity-odd single-big with-slider post-248512 post type-post status-publish format-standard has-post-thumbnail hentry category-annuel-automobile\"  itemscope=\"itemscope\" itemtype=\"https:\/\/schema.org\/BlogPosting\" ><div class=\"blog-meta\"><\/div><div class='entry-content-wrapper clearfix standard-content'><header class=\"entry-content-header\" aria-label=\"Post: Ottawa prolonge la suspension de la taxe d\u2019accise sur l\u2019essence\"><div class=\"av-heading-wrapper\"><h2 class='post-title entry-title '  itemprop=\"headline\" ><a href=\"https:\/\/news-dev.canadamotorjobs.com\/fr\/ottawa-prolonge-la-suspension-de-la-taxe-daccise-sur-lessence\/\" rel=\"bookmark\" title=\"Permanent Link: Ottawa prolonge la suspension de la taxe d\u2019accise sur l\u2019essence\">Ottawa prolonge la suspension de la taxe d\u2019accise sur l\u2019essence<span class=\"post-format-icon minor-meta\"><\/span><\/a><\/h2><span class=\"blog-categories minor-meta\"><a href=\"https:\/\/news-dev.canadamotorjobs.com\/fr\/category\/annuel-automobile\/\" rel=\"tag\">Annuel automobile<\/a><\/span><\/div><\/header><span class=\"av-vertical-delimiter\"><\/span><div class=\"big-preview single-big\"  itemprop=\"image\" itemscope=\"itemscope\" itemtype=\"https:\/\/schema.org\/ImageObject\" ><a href=\"https:\/\/news-dev.canadamotorjobs.com\/fr\/ottawa-prolonge-la-suspension-de-la-taxe-daccise-sur-lessence\/\"  title=\"station-service-chute-des-prix-a-la-pompe-prix-a-la-pompe-essence-132914846129445962.jpeg\" ><img decoding=\"async\" loading=\"lazy\" width=\"845\" height=\"321\" src=\"https:\/\/news-dev.canadamotorjobs.com\/wp-content\/uploads\/2026\/04\/station-service-chute-des-prix-a-la-pompe-prix-a-la-pompe-essence-132914846129445962-3-845x321.jpeg\" class=\"wp-image-240043 avia-img-lazy-loading-240043 attachment-entry_with_sidebar size-entry_with_sidebar wp-post-image\" alt=\"\" \/><\/a><\/div><div class=\"entry-content\"  itemprop=\"text\" ><p>Les automobilistes canadiens peuvent souffler un peu. La hausse de 10 cents le litre qui devait s\u2019ajouter au prix de l\u2019essence \u00e0 compter du 8 septembre n\u2019aura finalement pas lieu. Le ministre des Finances, Fran\u00e7ois-Philippe Champagne, a annonc\u00e9 mercredi que la suspension de la taxe d\u2019accise f\u00e9d\u00e9rale sur l\u2019essence et le diesel sera prolong\u00e9e jusqu\u2019au [&hellip;]<\/p>\n<div class=\"read-more-link\"><a href=\"https:\/\/news-dev.canadamotorjobs.com\/fr\/ottawa-prolonge-la-suspension-de-la-taxe-daccise-sur-lessence\/\" class=\"more-link\">Lire la suite<span class='more-link-arrow avia-svg-icon avia-font-svg_entypo-fontello' data-av_svg_icon='right-open-big' data-av_iconset='svg_entypo-fontello'><svg version=\"1.1\" xmlns=\"http:\/\/www.w3.org\/2000\/svg\" width=\"15\" height=\"32\" viewBox=\"0 0 15 32\" preserveAspectRatio=\"xMidYMid meet\" role=\"graphics-symbol\" aria-hidden=\"true\">\n<path d=\"M0.416 27.84l11.456-11.84-11.456-11.904q-0.832-0.832 0-1.536 0.832-0.832 1.536 0l12.544 12.608q0.768 0.832 0 1.6l-12.544 12.608q-0.704 0.832-1.536 0-0.832-0.704 0-1.536z\"><\/path>\n<\/svg><\/span><\/a><\/div>\n<\/div><span class=\"post-meta-infos\"><time class=\"date-container minor-meta updated\"  itemprop=\"datePublished\" datetime=\"2026-09-03T07:43:11-04:00\" >3 septembre 2026<\/time><span class=\"text-sep\">\/<\/span><span class=\"blog-author minor-meta\">par <span class=\"entry-author-link\"  itemprop=\"author\" ><span class=\"author\"><span class=\"fn\"><a href=\"https:\/\/news-dev.canadamotorjobs.com\/fr\/author\/benoit-charette\/\" title=\"Articles par Benoit Charette\" rel=\"author\">Benoit Charette<\/a><\/span><\/span><\/span><\/span><\/span><footer class=\"entry-footer\"><\/footer><div class='post_delimiter'><\/div><\/div><div class=\"post_author_timeline\"><\/div><span class='hidden'>\n\t\t\t\t<span class='av-structured-data'  itemprop=\"image\" itemscope=\"itemscope\" itemtype=\"https:\/\/schema.org\/ImageObject\" >\n\t\t\t\t\t\t<span itemprop='url'>https:\/\/news-dev.canadamotorjobs.com\/wp-content\/uploads\/2026\/04\/station-service-chute-des-prix-a-la-pompe-prix-a-la-pompe-essence-132914846129445962-3.jpeg<\/span>\n\t\t\t\t\t\t<span itemprop='height'>899<\/span>\n\t\t\t\t\t\t<span itemprop='width'>1600<\/span>\n\t\t\t\t<\/span>\n\t\t\t\t<span class='av-structured-data'  itemprop=\"publisher\" itemtype=\"https:\/\/schema.org\/Organization\" itemscope=\"itemscope\" >\n\t\t\t\t\t\t<span itemprop='name'>Benoit Charette<\/span>\n\t\t\t\t\t\t<span itemprop='logo' itemscope itemtype='https:\/\/schema.org\/ImageObject'>\n\t\t\t\t\t\t\t<span itemprop='url'>https:\/\/news.canadamotorjobs.com\/wp-content\/uploads\/2021\/06\/logo-canada-motor-jobs-white-1.png<\/span>\n\t\t\t\t\t\t<\/span>\n\t\t\t\t<\/span><span class='av-structured-data'  itemprop=\"author\" itemscope=\"itemscope\" itemtype=\"https:\/\/schema.org\/Person\" ><span itemprop='name'>Benoit Charette<\/span><\/span><span class='av-structured-data'  itemprop=\"datePublished\" datetime=\"2026-09-03T07:43:11-04:00\" >2026-09-03 07:43:11<\/span><span class='av-structured-data'  itemprop=\"dateModified\" itemtype=\"https:\/\/schema.org\/dateModified\" >2026-09-03 10:37:10<\/span><span class='av-structured-data'  itemprop=\"mainEntityOfPage\" itemtype=\"https:\/\/schema.org\/mainEntityOfPage\" ><span itemprop='name'>Ottawa prolonge la suspension de la taxe d\u2019accise sur l\u2019essence<\/span><\/span><\/span><\/article><article class=\"post-entry post-entry-type-standard post-entry-248520 post-loop-2 post-parity-even single-big with-slider post-248520 post type-post status-publish format-standard has-post-thumbnail hentry category-annuel-automobile\"  itemscope=\"itemscope\" itemtype=\"https:\/\/schema.org\/BlogPosting\" ><div class=\"blog-meta\"><\/div><div class='entry-content-wrapper clearfix standard-content'><header class=\"entry-content-header\" aria-label=\"Post: Quels sont les V\u00c9 qui vieillissent le mieux.\"><div class=\"av-heading-wrapper\"><h2 class='post-title entry-title '  itemprop=\"headline\" ><a href=\"https:\/\/news-dev.canadamotorjobs.com\/fr\/quels-sont-les-ve-qui-vieillissent-le-mieux\/\" rel=\"bookmark\" title=\"Permanent Link: Quels sont les V\u00c9 qui vieillissent le mieux.\">Quels sont les V\u00c9 qui vieillissent le mieux.<span class=\"post-format-icon minor-meta\"><\/span><\/a><\/h2><span class=\"blog-categories minor-meta\"><a href=\"https:\/\/news-dev.canadamotorjobs.com\/fr\/category\/annuel-automobile\/\" rel=\"tag\">Annuel automobile<\/a><\/span><\/div><\/header><span class=\"av-vertical-delimiter\"><\/span><div class=\"big-preview single-big\"  itemprop=\"image\" itemscope=\"itemscope\" itemtype=\"https:\/\/schema.org\/ImageObject\" ><a href=\"https:\/\/news-dev.canadamotorjobs.com\/fr\/quels-sont-les-ve-qui-vieillissent-le-mieux\/\"  title=\"hyundai-ioniq-5-n-2025-hyundai-trois-rivieres-16-scaled-1.jpg\" ><img decoding=\"async\" loading=\"lazy\" width=\"845\" height=\"321\" src=\"https:\/\/news-dev.canadamotorjobs.com\/wp-content\/uploads\/2026\/09\/hyundai-ioniq-5-n-2025-hyundai-trois-rivieres-16-scaled-1-845x321.jpg\" class=\"wp-image-248523 avia-img-lazy-loading-248523 attachment-entry_with_sidebar size-entry_with_sidebar wp-post-image\" alt=\"\" \/><\/a><\/div><div class=\"entry-content\"  itemprop=\"text\" ><p>L\u2019achat d\u2019un v\u00e9hicule \u00e9lectrique usag\u00e9 soul\u00e8ve encore une grande question : dans quel \u00e9tat sera la batterie apr\u00e8s plusieurs ann\u00e9es et des dizaines de milliers de kilom\u00e8tres? Une vaste \u00e9tude r\u00e9alis\u00e9e aux \u00c9tats-Unis par Aviloo, une entreprise sp\u00e9cialis\u00e9e dans le diagnostic des batteries de v\u00e9hicules \u00e9lectriques, apporte des \u00e9l\u00e9ments de r\u00e9ponse plut\u00f4t rassurants. L\u2019entreprise a [&hellip;]<\/p>\n<div class=\"read-more-link\"><a href=\"https:\/\/news-dev.canadamotorjobs.com\/fr\/quels-sont-les-ve-qui-vieillissent-le-mieux\/\" class=\"more-link\">Lire la suite<span class='more-link-arrow avia-svg-icon avia-font-svg_entypo-fontello' data-av_svg_icon='right-open-big' data-av_iconset='svg_entypo-fontello'><svg version=\"1.1\" xmlns=\"http:\/\/www.w3.org\/2000\/svg\" width=\"15\" height=\"32\" viewBox=\"0 0 15 32\" preserveAspectRatio=\"xMidYMid meet\" role=\"graphics-symbol\" aria-hidden=\"true\">\n<path d=\"M0.416 27.84l11.456-11.84-11.456-11.904q-0.832-0.832 0-1.536 0.832-0.832 1.536 0l12.544 12.608q0.768 0.832 0 1.6l-12.544 12.608q-0.704 0.832-1.536 0-0.832-0.704 0-1.536z\"><\/path>\n<\/svg><\/span><\/a><\/div>\n<\/div><span class=\"post-meta-infos\"><time class=\"date-container minor-meta updated\"  itemprop=\"datePublished\" datetime=\"2026-09-03T07:21:25-04:00\" >3 septembre 2026<\/time><span class=\"text-sep\">\/<\/span><span class=\"blog-author minor-meta\">par <span class=\"entry-author-link\"  itemprop=\"author\" ><span class=\"author\"><span class=\"fn\"><a href=\"https:\/\/news-dev.canadamotorjobs.com\/fr\/author\/benoit-charette\/\" title=\"Articles par Benoit Charette\" rel=\"author\">Benoit Charette<\/a><\/span><\/span><\/span><\/span><\/span><footer class=\"entry-footer\"><\/footer><div class='post_delimiter'><\/div><\/div><div class=\"post_author_timeline\"><\/div><span class='hidden'>\n\t\t\t\t<span class='av-structured-data'  itemprop=\"image\" itemscope=\"itemscope\" itemtype=\"https:\/\/schema.org\/ImageObject\" >\n\t\t\t\t\t\t<span itemprop='url'>https:\/\/news-dev.canadamotorjobs.com\/wp-content\/uploads\/2026\/09\/hyundai-ioniq-5-n-2025-hyundai-trois-rivieres-16-scaled-1.jpg<\/span>\n\t\t\t\t\t\t<span itemprop='height'>1366<\/span>\n\t\t\t\t\t\t<span itemprop='width'>2048<\/span>\n\t\t\t\t<\/span>\n\t\t\t\t<span class='av-structured-data'  itemprop=\"publisher\" itemtype=\"https:\/\/schema.org\/Organization\" itemscope=\"itemscope\" >\n\t\t\t\t\t\t<span itemprop='name'>Benoit Charette<\/span>\n\t\t\t\t\t\t<span itemprop='logo' itemscope itemtype='https:\/\/schema.org\/ImageObject'>\n\t\t\t\t\t\t\t<span itemprop='url'>https:\/\/news.canadamotorjobs.com\/wp-content\/uploads\/2021\/06\/logo-canada-motor-jobs-white-1.png<\/span>\n\t\t\t\t\t\t<\/span>\n\t\t\t\t<\/span><span class='av-structured-data'  itemprop=\"author\" itemscope=\"itemscope\" itemtype=\"https:\/\/schema.org\/Person\" ><span itemprop='name'>Benoit Charette<\/span><\/span><span class='av-structured-data'  itemprop=\"datePublished\" datetime=\"2026-09-03T07:21:25-04:00\" >2026-09-03 07:21:25<\/span><span class='av-structured-data'  itemprop=\"dateModified\" itemtype=\"https:\/\/schema.org\/dateModified\" >2026-09-03 10:37:20<\/span><span class='av-structured-data'  itemprop=\"mainEntityOfPage\" itemtype=\"https:\/\/schema.org\/mainEntityOfPage\" ><span itemprop='name'>Quels sont les V\u00c9 qui vieillissent le mieux.<\/span><\/span><\/span><\/article><article class=\"post-entry post-entry-type-standard post-entry-248537 post-loop-3 post-parity-odd post-entry-last single-big with-slider post-248537 post type-post status-publish format-standard has-post-thumbnail hentry category-annuel-automobile\"  itemscope=\"itemscope\" itemtype=\"https:\/\/schema.org\/BlogPosting\" ><div class=\"blog-meta\"><\/div><div class='entry-content-wrapper clearfix standard-content'><header class=\"entry-content-header\" aria-label=\"Post: Visite du mus\u00e9e Mini \u00e0 Oxford \u00e0 l\u2019occasion du 25e anniversaire du mod\u00e8le contemporain\"><div class=\"av-heading-wrapper\"><h2 class='post-title entry-title '  itemprop=\"headline\" ><a href=\"https:\/\/news-dev.canadamotorjobs.com\/fr\/visite-du-musee-mini-a-oxford-a-loccasion-du-25e-anniversaire-du-modele-contemporain\/\" rel=\"bookmark\" title=\"Permanent Link: Visite du mus\u00e9e Mini \u00e0 Oxford \u00e0 l\u2019occasion du 25e anniversaire du mod\u00e8le contemporain\">Visite du mus\u00e9e Mini \u00e0 Oxford \u00e0 l\u2019occasion du 25e anniversaire du mod\u00e8le contemporain<span class=\"post-format-icon minor-meta\"><\/span><\/a><\/h2><span class=\"blog-categories minor-meta\"><a href=\"https:\/\/news-dev.canadamotorjobs.com\/fr\/category\/annuel-automobile\/\" rel=\"tag\">Annuel automobile<\/a><\/span><\/div><\/header><span class=\"av-vertical-delimiter\"><\/span><div class=\"big-preview single-big\"  itemprop=\"image\" itemscope=\"itemscope\" itemtype=\"https:\/\/schema.org\/ImageObject\" ><a href=\"https:\/\/news-dev.canadamotorjobs.com\/fr\/visite-du-musee-mini-a-oxford-a-loccasion-du-25e-anniversaire-du-modele-contemporain\/\"  title=\"IMG_7438-2.jpg\" ><img decoding=\"async\" loading=\"lazy\" width=\"845\" height=\"321\" src=\"https:\/\/news-dev.canadamotorjobs.com\/wp-content\/uploads\/2026\/09\/IMG_7438-2-845x321.jpg\" class=\"wp-image-248541 avia-img-lazy-loading-248541 attachment-entry_with_sidebar size-entry_with_sidebar wp-post-image\" alt=\"\" \/><\/a><\/div><div class=\"entry-content\"  itemprop=\"text\" ><p>Arriv\u00e9e sur le march\u00e9 canadien en 2002, la Mini Cooper contemporaine et produite sous l\u2019\u00e8re de BMW c\u00e9l\u00e8bre pourtant cette ann\u00e9e son 25e anniversaire. La raison est fort simple, c\u2019est que son lancement commercial a eu lieu en 2001 sur la sc\u00e8ne internationale. \u00c0 l\u2019occasion du 25e anniversaire de la Mini Cooper, l\u2019\u00e9quipe \u00e9ditoriale de [&hellip;]<\/p>\n<div class=\"read-more-link\"><a href=\"https:\/\/news-dev.canadamotorjobs.com\/fr\/visite-du-musee-mini-a-oxford-a-loccasion-du-25e-anniversaire-du-modele-contemporain\/\" class=\"more-link\">Lire la suite<span class='more-link-arrow avia-svg-icon avia-font-svg_entypo-fontello' data-av_svg_icon='right-open-big' data-av_iconset='svg_entypo-fontello'><svg version=\"1.1\" xmlns=\"http:\/\/www.w3.org\/2000\/svg\" width=\"15\" height=\"32\" viewBox=\"0 0 15 32\" preserveAspectRatio=\"xMidYMid meet\" role=\"graphics-symbol\" aria-hidden=\"true\">\n<path d=\"M0.416 27.84l11.456-11.84-11.456-11.904q-0.832-0.832 0-1.536 0.832-0.832 1.536 0l12.544 12.608q0.768 0.832 0 1.6l-12.544 12.608q-0.704 0.832-1.536 0-0.832-0.704 0-1.536z\"><\/path>\n<\/svg><\/span><\/a><\/div>\n<\/div><span class=\"post-meta-infos\"><time class=\"date-container minor-meta updated\"  itemprop=\"datePublished\" datetime=\"2026-09-03T06:48:23-04:00\" >3 septembre 2026<\/time><span class=\"text-sep\">\/<\/span><span class=\"blog-author minor-meta\">par <span class=\"entry-author-link\"  itemprop=\"author\" ><span class=\"author\"><span class=\"fn\"><a href=\"https:\/\/news-dev.canadamotorjobs.com\/fr\/author\/benoit-charette\/\" title=\"Articles par Benoit Charette\" rel=\"author\">Benoit Charette<\/a><\/span><\/span><\/span><\/span><\/span><footer class=\"entry-footer\"><\/footer><div class='post_delimiter'><\/div><\/div><div class=\"post_author_timeline\"><\/div><span class='hidden'>\n\t\t\t\t<span class='av-structured-data'  itemprop=\"image\" itemscope=\"itemscope\" itemtype=\"https:\/\/schema.org\/ImageObject\" >\n\t\t\t\t\t\t<span itemprop='url'>https:\/\/news-dev.canadamotorjobs.com\/wp-content\/uploads\/2026\/09\/IMG_7438-2.jpg<\/span>\n\t\t\t\t\t\t<span itemprop='height'>800<\/span>\n\t\t\t\t\t\t<span itemprop='width'>1422<\/span>\n\t\t\t\t<\/span>\n\t\t\t\t<span class='av-structured-data'  itemprop=\"publisher\" itemtype=\"https:\/\/schema.org\/Organization\" itemscope=\"itemscope\" >\n\t\t\t\t\t\t<span itemprop='name'>Benoit Charette<\/span>\n\t\t\t\t\t\t<span itemprop='logo' itemscope itemtype='https:\/\/schema.org\/ImageObject'>\n\t\t\t\t\t\t\t<span itemprop='url'>https:\/\/news.canadamotorjobs.com\/wp-content\/uploads\/2021\/06\/logo-canada-motor-jobs-white-1.png<\/span>\n\t\t\t\t\t\t<\/span>\n\t\t\t\t<\/span><span class='av-structured-data'  itemprop=\"author\" itemscope=\"itemscope\" itemtype=\"https:\/\/schema.org\/Person\" ><span itemprop='name'>Benoit Charette<\/span><\/span><span class='av-structured-data'  itemprop=\"datePublished\" datetime=\"2026-09-03T06:48:23-04:00\" >2026-09-03 06:48:23<\/span><span class='av-structured-data'  itemprop=\"dateModified\" itemtype=\"https:\/\/schema.org\/dateModified\" >2026-09-03 10:37:26<\/span><span class='av-structured-data'  itemprop=\"mainEntityOfPage\" itemtype=\"https:\/\/schema.org\/mainEntityOfPage\" ><span itemprop='name'>Visite du mus\u00e9e Mini \u00e0 Oxford \u00e0 l\u2019occasion du 25e anniversaire du mod\u00e8le contemporain<\/span><\/span><\/span><\/article><div class='single-big'><nav class='pagination'><span class='pagination-meta'>Page 1 of 2206<\/span><span class='current'>1<\/span><a href='https:\/\/news-dev.canadamotorjobs.com\/fr\/wp-json\/wp\/v2\/pages\/4745\/page\/2\/' class='inactive next_page' >2<\/a><a href='https:\/\/news-dev.canadamotorjobs.com\/fr\/wp-json\/wp\/v2\/pages\/4745\/page\/3\/' class='inactive' >3<\/a><a href='https:\/\/news-dev.canadamotorjobs.com\/fr\/wp-json\/wp\/v2\/pages\/4745\/page\/2\/'>&rsaquo;<\/a><a href='https:\/\/news-dev.canadamotorjobs.com\/fr\/wp-json\/wp\/v2\/pages\/4745\/page\/2206\/'>&raquo;<\/a><\/nav>\n<\/div><\/div>\n","protected":false},"excerpt":{"rendered":"","protected":false},"author":1,"featured_media":0,"parent":0,"menu_order":0,"comment_status":"closed","ping_status":"closed","template":"","meta":{"_monsterinsights_skip_tracking":false,"footnotes":""},"class_list":["post-4745","page","type-page","status-publish","hentry"],"yoast_head":"<!-- This site is optimized with the Yoast SEO plugin v28.4 - https:\/\/yoast.com\/product\/yoast-seo-wordpress\/ -->\n<title>Nouvelles - CanadaMotorJobs.com<\/title>\n<meta name=\"robots\" content=\"index, follow, max-snippet:-1, max-image-preview:large, max-video-preview:-1\" \/>\n<link rel=\"canonical\" href=\"https:\/\/news-dev.canadamotorjobs.com\/fr\/nouvelles\/\" \/>\n<meta property=\"og:locale\" content=\"fr_CA\" \/>\n<meta property=\"og:type\" content=\"article\" \/>\n<meta property=\"og:title\" content=\"Nouvelles - CanadaMotorJobs.com\" \/>\n<meta property=\"og:url\" content=\"https:\/\/news-dev.canadamotorjobs.com\/fr\/nouvelles\/\" \/>\n<meta property=\"og:site_name\" content=\"CanadaMotorJobs.com\" \/>\n<meta property=\"article:publisher\" content=\"https:\/\/www.facebook.com\/canadamotorjobs\/\" \/>\n<meta property=\"article:modified_time\" content=\"2019-08-19T20:47:11+00:00\" \/>\n<meta name=\"twitter:card\" content=\"summary_large_image\" \/>\n<meta name=\"twitter:site\" content=\"@canadamotorjobs\" \/>\n<!-- \/ Yoast SEO plugin. -->","yoast_head_json":{"title":"Nouvelles - CanadaMotorJobs.com","robots":{"index":"index","follow":"follow","max-snippet":"max-snippet:-1","max-image-preview":"max-image-preview:large","max-video-preview":"max-video-preview:-1"},"canonical":"https:\/\/news-dev.canadamotorjobs.com\/fr\/nouvelles\/","og_locale":"fr_CA","og_type":"article","og_title":"Nouvelles - CanadaMotorJobs.com","og_url":"https:\/\/news-dev.canadamotorjobs.com\/fr\/nouvelles\/","og_site_name":"CanadaMotorJobs.com","article_publisher":"https:\/\/www.facebook.com\/canadamotorjobs\/","article_modified_time":"2019-08-19T20:47:11+00:00","twitter_card":"summary_large_image","twitter_site":"@canadamotorjobs","schema":{"@context":"https:\/\/schema.org","@graph":[{"@type":"WebPage","@id":"https:\/\/news-dev.canadamotorjobs.com\/fr\/nouvelles\/","url":"https:\/\/news-dev.canadamotorjobs.com\/fr\/nouvelles\/","name":"Nouvelles - CanadaMotorJobs.com","isPartOf":{"@id":"https:\/\/news-dev.canadamotorjobs.com\/fr\/#website"},"datePublished":"2019-02-04T19:55:59+00:00","dateModified":"2019-08-19T20:47:11+00:00","breadcrumb":{"@id":"https:\/\/news-dev.canadamotorjobs.com\/fr\/nouvelles\/#breadcrumb"},"inLanguage":"fr-CA","potentialAction":[{"@type":"ReadAction","target":["https:\/\/news-dev.canadamotorjobs.com\/fr\/nouvelles\/"]}]},{"@type":"BreadcrumbList","@id":"https:\/\/news-dev.canadamotorjobs.com\/fr\/nouvelles\/#breadcrumb","itemListElement":[{"@type":"ListItem","position":1,"name":"Home","item":"https:\/\/news-dev.canadamotorjobs.com\/fr\/"},{"@type":"ListItem","position":2,"name":"Nouvelles"}]},{"@type":"WebSite","@id":"https:\/\/news-dev.canadamotorjobs.com\/fr\/#website","url":"https:\/\/news-dev.canadamotorjobs.com\/fr\/","name":"CanadaMotorJobs.com","description":"Automotive Jobs","publisher":{"@id":"https:\/\/news-dev.canadamotorjobs.com\/fr\/#organization"},"potentialAction":[{"@type":"SearchAction","target":{"@type":"EntryPoint","urlTemplate":"https:\/\/news-dev.canadamotorjobs.com\/fr\/?s={search_term_string}"},"query-input":{"@type":"PropertyValueSpecification","valueRequired":true,"valueName":"search_term_string"}}],"inLanguage":"fr-CA"},{"@type":"Organization","@id":"https:\/\/news-dev.canadamotorjobs.com\/fr\/#organization","name":"Canada Motor Jobs","url":"https:\/\/news-dev.canadamotorjobs.com\/fr\/","logo":{"@type":"ImageObject","inLanguage":"fr-CA","@id":"https:\/\/news-dev.canadamotorjobs.com\/fr\/#\/schema\/logo\/image\/","url":"https:\/\/news.canadamotorjobs.com\/wp-content\/uploads\/2022\/10\/logo-canada-motor-jobs-1.png","contentUrl":"https:\/\/news.canadamotorjobs.com\/wp-content\/uploads\/2022\/10\/logo-canada-motor-jobs-1.png","width":800,"height":400,"caption":"Canada Motor Jobs"},"image":{"@id":"https:\/\/news-dev.canadamotorjobs.com\/fr\/#\/schema\/logo\/image\/"},"sameAs":["https:\/\/www.facebook.com\/canadamotorjobs\/","https:\/\/x.com\/canadamotorjobs","https:\/\/www.instagram.com\/canadamotorjobs\/","https:\/\/www.linkedin.com\/company\/canadamotorjobs"]}]}},"_links":{"self":[{"href":"https:\/\/news-dev.canadamotorjobs.com\/fr\/wp-json\/wp\/v2\/pages\/4745","targetHints":{"allow":["GET"]}}],"collection":[{"href":"https:\/\/news-dev.canadamotorjobs.com\/fr\/wp-json\/wp\/v2\/pages"}],"about":[{"href":"https:\/\/news-dev.canadamotorjobs.com\/fr\/wp-json\/wp\/v2\/types\/page"}],"author":[{"embeddable":true,"href":"https:\/\/news-dev.canadamotorjobs.com\/fr\/wp-json\/wp\/v2\/users\/1"}],"replies":[{"embeddable":true,"href":"https:\/\/news-dev.canadamotorjobs.com\/fr\/wp-json\/wp\/v2\/comments?post=4745"}],"version-history":[{"count":0,"href":"https:\/\/news-dev.canadamotorjobs.com\/fr\/wp-json\/wp\/v2\/pages\/4745\/revisions"}],"wp:attachment":[{"href":"https:\/\/news-dev.canadamotorjobs.com\/fr\/wp-json\/wp\/v2\/media?parent=4745"}],"curies":[{"name":"wp","href":"https:\/\/api.w.org\/{rel}","templated":true}]}}